{"id":179,"date":"2016-04-29T17:54:55","date_gmt":"2016-04-29T15:54:55","guid":{"rendered":"http:\/\/www.wctag-hilft.de\/homepage\/?page_id=179"},"modified":"2016-09-21T14:40:09","modified_gmt":"2016-09-21T12:40:09","slug":"brasilien","status":"publish","type":"page","link":"https:\/\/www.wctag-hilft.de\/homepage\/brasilien\/","title":{"rendered":"Brasilien"},"content":{"rendered":"<h1>Insel der Kinder<\/h1>\n<p>Umgeben von traumhafter Natur liegt die\u00a0<strong>Kindertagesst\u00e4tte<\/strong> <strong>Insel der Kinder<\/strong>\u00a0auf der\u00a0Insel Itaparica in der N\u00e4he der Metropole Salvador.\u00a02009 haben wir ein leer stehendes Hotel eigens f\u00fcr die Insel der Kinder umfunktioniert. Die Einrichtung hat\u00a0Lern-, Speise- und Gemeinschaftsr\u00e4ume sowie Schlafzimmer f\u00fcr die Volont\u00e4re und einige Mitarbeiter. Der weitl\u00e4ufige Garten bietet Platz f\u00fcr R\u00fcckzugsm\u00f6glichkeiten, Sport und Aktivit\u00e4ten, und unseren Obst- und Gem\u00fcseanbau.<\/p>\n<p>Derzeit ist die\u00a0Insel der Kinder ein zweites Zuhause f\u00fcr 137 Kinder und Jugendliche im Alter von 5\u00a0bis 16 Jahren. Hier bekommen sie t\u00e4glich ausgewogene Mahlzeiten und werden liebevoll von P\u00e4dagogen und Psychologen betreut. Von 8.00 \u2013 18\u00a0Uhr lernen und spielen sie und nehmen an unserem vielf\u00e4ltigen Angebot teil.<\/p>\n<p>Neben gezielten Lernangeboten, wie Alphabetisierung und Englisch, helfen Vortr\u00e4ge und Diskussionen zu Themen wie Gewalt, Drogen und Aufkl\u00e4rung den Kindern, ihren schwierigen Alltag und ihre Probleme zu verarbeiten. Zus\u00e4tzlich nehmen sie\u00a0an verschiedenen sportlichen, k\u00fcnstlerischen und kulturellen Aktivit\u00e4ten teil. Tanzen oder Rollenspiele f\u00f6rdern, dass die Kinder ihre Pers\u00f6nlichkeit entwickeln und Selbstvertrauen aufbauen.<\/p>\n<p>Die Insel der Kinder bietet eine <strong>sichere Umgebung<\/strong>, in der die Kinder wieder <strong>&#8218;Kind sein&#8216; d\u00fcrfen<\/strong>. Mit der Zeit schaffen sie es, traumatische Erlebnisse zu bew\u00e4ltigen.<\/p>\n<p>&nbsp;<\/p>\n<div data-id='closed' class=\"ale-toggle\"><span class=\"ale-toggle-title\">Mehr lesen<\/span><div class=\"ale-toggle-inner\"> Brasilien ist S\u00fcdamerikas gr\u00f6\u00dfter Staat mit mehr als 204 Millionen Einwohnern. Ein Gro\u00dfteil der Bev\u00f6lkerung lebt in St\u00e4dten bzw. in den riesigen Peripherien der Metropolen, die als Favelas bekannt sind. Soziale Ungleichheit, ein prek\u00e4res Bildungssystem, Armut \u2013 viele Menschen f\u00fchren ein Leben auf engstem Raum und ohne Perspektive.<\/p>\n<p>Sch\u00e4tzungsweise zehn Millionen Kinder in Brasilien leben auf der Stra\u00dfe. Die Infrastruktur ist unzureichend und an \u00f6ffentlichen Einrichtungen wie Krankenh\u00e4usern oder Kinderg\u00e4rten fehlt es meist g\u00e4nzlich. Trotz nationaler Schulpflicht haben die Schulen zu wenig qualifiziertes Personal und kaum Schulmaterialien. Ausbildungspl\u00e4tze oder weiterf\u00fchrende Schulen gibt es in den Peripherien kaum. F\u00fcr die Kinder ist die Stra\u00dfe h\u00e4ufig die traurige Konsequenz aus Langeweile und der schwierigen famili\u00e4ren Situation. Schon in sehr fr\u00fchem Alter verwahrlosen sie. Es fehlt ihnen an Zuneigung und Besch\u00e4ftigung. Der Einstieg in eine kriminelle Drogenbande oder der Verkauf des eigenen K\u00f6rpers geh\u00f6ren zur traurigen Realit\u00e4t. <\/div><\/div>\n<p>&nbsp;<\/p>\n<p style=\"text-align: center;\">Erfahren Sie mehr auf unserer <a href=\"http:\/\/www.inselderkinder.org\">Website<\/a>\u00a0oder unserer <a href=\"https:\/\/www.facebook.com\/inselderkinder\/\">Facebook-Seite<\/a> und unterst\u00fctzen Sie uns dabei, diesen Kindern einen sicheren Ort und eine sch\u00f6nere Zukunft zu bieten!<\/p>\n<p style=\"text-align: center;\"><strong>Spenden Sie jetzt!<\/strong><\/p>\n<p><iframe loading=\"lazy\" style=\"position: relative; left: 50%; margin-left: -155px; border: 0; padding: 0;\" src=\"https:\/\/www.betterplace-widget.org\/projects\/9168?l=de\" width=\"100%\" height=\"320\" frameborder=\"0\" marginwidth=\"0\" marginheight=\"0\">Informieren und spenden: <a href=\"\/de\/projects\/9168-eine-insel-fur-strassenkinder-in-brasilien\" target=\"_blank\">\u201eEine Insel f\u00fcr Stra\u00dfenkinder in Brasilien\u201c<\/a> auf betterplace.org \u00f6ffnen.<\/iframe><\/p>\n<p>&nbsp;<\/p>\n<div style=\"font-size: 18px;\"><\/div>\n<p>[unitegallery galleriebrasilien2]<\/p>\n","protected":false},"excerpt":{"rendered":"<p>Insel der Kinder Umgeben von traumhafter Natur liegt die\u00a0Kindertagesst\u00e4tte Insel der Kinder\u00a0auf der\u00a0Insel Itaparica in der N\u00e4he der Metropole Salvador.\u00a02009 haben wir ein leer stehendes Hotel eigens f\u00fcr die Insel der Kinder umfunktioniert. Die Einrichtung hat\u00a0Lern-, Speise- und Gemeinschaftsr\u00e4ume sowie Schlafzimmer f\u00fcr die Volont\u00e4re und einige Mitarbeiter. Der weitl\u00e4ufige Garten bietet Platz f\u00fcr R\u00fcckzugsm\u00f6glichkeiten, Sport [&hellip;]<\/p>\n","protected":false},"author":1,"featured_media":941,"parent":0,"menu_order":0,"comment_status":"closed","ping_status":"closed","template":"template-page-brasilien.php","meta":{"footnotes":""},"class_list":["post-179","page","type-page","status-publish","has-post-thumbnail","hentry"],"_links":{"self":[{"href":"https:\/\/www.wctag-hilft.de\/homepage\/wp-json\/wp\/v2\/pages\/179","targetHints":{"allow":["GET"]}}],"collection":[{"href":"https:\/\/www.wctag-hilft.de\/homepage\/wp-json\/wp\/v2\/pages"}],"about":[{"href":"https:\/\/www.wctag-hilft.de\/homepage\/wp-json\/wp\/v2\/types\/page"}],"author":[{"embeddable":true,"href":"https:\/\/www.wctag-hilft.de\/homepage\/wp-json\/wp\/v2\/users\/1"}],"replies":[{"embeddable":true,"href":"https:\/\/www.wctag-hilft.de\/homepage\/wp-json\/wp\/v2\/comments?post=179"}],"version-history":[{"count":91,"href":"https:\/\/www.wctag-hilft.de\/homepage\/wp-json\/wp\/v2\/pages\/179\/revisions"}],"predecessor-version":[{"id":944,"href":"https:\/\/www.wctag-hilft.de\/homepage\/wp-json\/wp\/v2\/pages\/179\/revisions\/944"}],"wp:featuredmedia":[{"embeddable":true,"href":"https:\/\/www.wctag-hilft.de\/homepage\/wp-json\/wp\/v2\/media\/941"}],"wp:attachment":[{"href":"https:\/\/www.wctag-hilft.de\/homepage\/wp-json\/wp\/v2\/media?parent=179"}],"curies":[{"name":"wp","href":"https:\/\/api.w.org\/{rel}","templated":true}]}}